{"id":1684,"date":"2021-10-22T12:29:03","date_gmt":"2021-10-22T10:29:03","guid":{"rendered":"https:\/\/ecole-stjoseph-staubin.com\/?page_id=1684"},"modified":"2022-03-02T17:47:00","modified_gmt":"2022-03-02T16:47:00","slug":"actualites-ecole","status":"publish","type":"page","link":"https:\/\/ecole-stjoseph-staubin.com\/index.php\/actualites-ecole\/","title":{"rendered":"Actualit\u00e9s \u00e9cole"},"content":{"rendered":"\t\t<div data-elementor-type=\"wp-page\" data-elementor-id=\"1684\" class=\"elementor elementor-1684\">\n\t\t\t\t\t\t<section class=\"elementor-section elementor-top-section elementor-element elementor-element-3e6d39d elementor-section-boxed elementor-section-height-default elementor-section-height-default\" data-id=\"3e6d39d\" data-element_type=\"section\">\n\t\t\t\t\t\t<div class=\"elementor-container elementor-column-gap-default\">\n\t\t\t\t\t<div class=\"elementor-column elementor-col-100 elementor-top-column elementor-element elementor-element-f98156b\" data-id=\"f98156b\" data-element_type=\"column\">\n\t\t\t<div class=\"elementor-widget-wrap elementor-element-populated\">\n\t\t\t\t\t\t<div class=\"elementor-element elementor-element-7701793 elementor-widget elementor-widget-spacer\" data-id=\"7701793\" data-element_type=\"widget\" data-widget_type=\"spacer.default\">\n\t\t\t\t<div class=\"elementor-widget-container\">\n\t\t\t\t\t\t\t<div class=\"elementor-spacer\">\n\t\t\t<div class=\"elementor-spacer-inner\"><\/div>\n\t\t<\/div>\n\t\t\t\t\t\t<\/div>\n\t\t\t\t<\/div>\n\t\t\t\t<div class=\"elementor-element elementor-element-ce1b72f elementor-widget elementor-widget-a13fe-post-list\" data-id=\"ce1b72f\" data-element_type=\"widget\" data-widget_type=\"a13fe-post-list.default\">\n\t\t\t\t<div class=\"elementor-widget-container\">\n\t\t\t\t\t<div class=\"bricks-frame posts-bricks posts-bricks-1  posts_vertical_centered posts-columns-3\"><div class=\"posts-grid-container\" data-margin=\"5\"><div class=\"grid-master\"><\/div><div class=\"archive-item w1 post-3114 post type-post status-publish format-standard has-post-thumbnail category-actu\" data-category-23=\"1\" itemtype=\"https:\/\/schema.org\/CreativeWork\" itemscope><div class=\"item-image post-media\"><a href=\"https:\/\/ecole-stjoseph-staubin.com\/index.php\/2026\/04\/28\/fil-info-du-mois-de-mai\/\"><img decoding=\"async\" width=\"637\" src=\"https:\/\/ecole-stjoseph-staubin.com\/wp-content\/uploads\/apollo13_images\/Screenshot-2026-04-28-17.13.11-1-7slyio6lsjzrda20j9pztmv93jhxcyuy56.png\" class=\"attachment-637x0x1xx90 size-637x0x1xx90 wp-post-image\" alt=\"\" itemprop=\"image\" \/><\/a><\/div>\n<div class=\"formatter\">\n    <div class=\"real-content hentry\">\n\n        <div class=\"post-meta\"><time class=\"entry-date published updated\" datetime=\"\" itemprop=\"datePublished\"><\/time> <\/div><h2 class=\"post-title entry-title\" itemprop=\"headline\"><a href=\"https:\/\/ecole-stjoseph-staubin.com\/index.php\/2026\/04\/28\/fil-info-du-mois-de-mai\/\" itemprop=\"url\">Fil info du mois de mai<\/a><\/h2>\n        <div class=\"entry-summary\" itemprop=\"text\">\n                <\/div>\n\n        <div class=\"clear\"><\/div>\n\n                \n    <\/div>\n<\/div><\/div><div class=\"archive-item w1 post-3109 post type-post status-publish format-standard has-post-thumbnail category-actu\" data-category-23=\"1\" itemtype=\"https:\/\/schema.org\/CreativeWork\" itemscope><div class=\"item-image post-media\"><a href=\"https:\/\/ecole-stjoseph-staubin.com\/index.php\/2026\/04\/10\/carnaval-4\/\"><img decoding=\"async\" width=\"637\" src=\"https:\/\/ecole-stjoseph-staubin.com\/wp-content\/uploads\/apollo13_images\/20260410_114537-scaled-7sd1gkcze0n8md51egccewstulfgv6b032.jpg\" class=\"attachment-637x0x1xx90 size-637x0x1xx90 wp-post-image\" alt=\"\" itemprop=\"image\" \/><\/a><\/div>\n<div class=\"formatter\">\n    <div class=\"real-content hentry\">\n\n        <div class=\"post-meta\"><time class=\"entry-date published updated\" datetime=\"\" itemprop=\"datePublished\"><\/time> <\/div><h2 class=\"post-title entry-title\" itemprop=\"headline\"><a href=\"https:\/\/ecole-stjoseph-staubin.com\/index.php\/2026\/04\/10\/carnaval-4\/\" itemprop=\"url\">Carnaval<\/a><\/h2>\n        <div class=\"entry-summary\" itemprop=\"text\">\n        <p>Ce matin, les personnages de contes, de jeux, de BD&#8230;ont envahi notre \u00e9cole pour une matin\u00e9e color\u00e9e et festive. Les \u00e9l\u00e8ves ont pu r\u00e9aliser 4 ateliers : cuisine, bricolage, fresque et chant dans les diff\u00e9rentes classes avant de tous se retrouver pour d\u00e9filer, danser et profiter tous ensemble.<\/p>\n        <\/div>\n\n        <div class=\"clear\"><\/div>\n\n                \n    <\/div>\n<\/div><\/div><div class=\"archive-item w1 post-3105 post type-post status-publish format-standard has-post-thumbnail category-actu\" data-category-23=\"1\" itemtype=\"https:\/\/schema.org\/CreativeWork\" itemscope><div class=\"item-image post-media\"><a href=\"https:\/\/ecole-stjoseph-staubin.com\/index.php\/2026\/04\/06\/chasse-aux-oeufs-26-avril\/\"><img decoding=\"async\" width=\"637\" src=\"https:\/\/ecole-stjoseph-staubin.com\/wp-content\/uploads\/apollo13_images\/Screenshot-2026-04-06-22.53.34-7sb9aow86oq7nkvpu6bs00uuiemkrsv52m.png\" class=\"attachment-637x0x1xx90 size-637x0x1xx90 wp-post-image\" alt=\"\" itemprop=\"image\" \/><\/a><\/div>\n<div class=\"formatter\">\n    <div class=\"real-content hentry\">\n\n        <div class=\"post-meta\"><time class=\"entry-date published updated\" datetime=\"\" itemprop=\"datePublished\"><\/time> <\/div><h2 class=\"post-title entry-title\" itemprop=\"headline\"><a href=\"https:\/\/ecole-stjoseph-staubin.com\/index.php\/2026\/04\/06\/chasse-aux-oeufs-26-avril\/\" itemprop=\"url\">Chasse aux \u0153ufs &#8211; 26 avril<\/a><\/h2>\n        <div class=\"entry-summary\" itemprop=\"text\">\n        <p>Comme chaque ann\u00e9e, la chasse aux \u0153ufs de l&#8217;\u00e9cole aura lieu le dimanche 26 avril. Elle se d\u00e9roulera sous forme de randonn\u00e9e \u00e0 travers le village. Le circuit sera ponctu\u00e9 de points d&#8217;arr\u00eat o\u00f9 les enfants pourront partir \u00e0 la recherche des \u0153ufs en chocolat. D\u00e9part entre 09h30 et 11h00 de l&#8217;\u00e9cole. Venez nombreux<\/p>\n        <\/div>\n\n        <div class=\"clear\"><\/div>\n\n                \n    <\/div>\n<\/div><\/div><div class=\"archive-item w1 post-3097 post type-post status-publish format-standard has-post-thumbnail category-actu\" data-category-23=\"1\" itemtype=\"https:\/\/schema.org\/CreativeWork\" itemscope><div class=\"item-image post-media\"><a href=\"https:\/\/ecole-stjoseph-staubin.com\/index.php\/2026\/03\/30\/fil-info-avril\/\"><img decoding=\"async\" width=\"637\" src=\"https:\/\/ecole-stjoseph-staubin.com\/wp-content\/uploads\/apollo13_images\/Screenshot-2026-03-30-12.55.31-7s7m9cezxg0nox2ck6nfq9ojw1hs46p14i.png\" class=\"attachment-637x0x1xx90 size-637x0x1xx90 wp-post-image\" alt=\"\" itemprop=\"image\" \/><\/a><\/div>\n<div class=\"formatter\">\n    <div class=\"real-content hentry\">\n\n        <div class=\"post-meta\"><time class=\"entry-date published updated\" datetime=\"\" itemprop=\"datePublished\"><\/time> <\/div><h2 class=\"post-title entry-title\" itemprop=\"headline\"><a href=\"https:\/\/ecole-stjoseph-staubin.com\/index.php\/2026\/03\/30\/fil-info-avril\/\" itemprop=\"url\">Fil info avril<\/a><\/h2>\n        <div class=\"entry-summary\" itemprop=\"text\">\n                <\/div>\n\n        <div class=\"clear\"><\/div>\n\n                \n    <\/div>\n<\/div><\/div><div class=\"archive-item w1 post-3093 post type-post status-publish format-standard has-post-thumbnail category-actu\" data-category-23=\"1\" itemtype=\"https:\/\/schema.org\/CreativeWork\" itemscope><div class=\"item-image post-media\"><a href=\"https:\/\/ecole-stjoseph-staubin.com\/index.php\/2026\/03\/20\/des-nouveaux-venus-dans-lecole\/\"><img decoding=\"async\" width=\"637\" src=\"https:\/\/ecole-stjoseph-staubin.com\/wp-content\/uploads\/apollo13_images\/20260316_163011-scaled-7s2wpe3qe7rv2a5j5p84mps18wuai9wyny.jpg\" class=\"attachment-637x0x1xx90 size-637x0x1xx90 wp-post-image\" alt=\"\" itemprop=\"image\" \/><\/a><\/div>\n<div class=\"formatter\">\n    <div class=\"real-content hentry\">\n\n        <div class=\"post-meta\"><time class=\"entry-date published updated\" datetime=\"\" itemprop=\"datePublished\"><\/time> <\/div><h2 class=\"post-title entry-title\" itemprop=\"headline\"><a href=\"https:\/\/ecole-stjoseph-staubin.com\/index.php\/2026\/03\/20\/des-nouveaux-venus-dans-lecole\/\" itemprop=\"url\">Des nouveaux venus dans l&#8217;\u00e9cole<\/a><\/h2>\n        <div class=\"entry-summary\" itemprop=\"text\">\n        <p>Dans le cadre de notre th\u00e8me d&#8217;ann\u00e9e, nous travaillons sur la m\u00e9tamorphose au sein des contes au cours de cette p\u00e9riode. Pour aborder cette notion de m\u00e9tamorphose, les \u00e9l\u00e8ves de maternelle ont accueilli au sein de leur classe 5 chenilles afin d&#8217;observer toutes les \u00e9tapes qui vont leur permettre de se transformer en papillons. Les autres classes viennent aussi suivre cette \u00e9volution.<\/p>\n        <\/div>\n\n        <div class=\"clear\"><\/div>\n\n                \n    <\/div>\n<\/div><\/div><div class=\"archive-item w1 post-3090 post type-post status-publish format-standard has-post-thumbnail category-actu\" data-category-23=\"1\" itemtype=\"https:\/\/schema.org\/CreativeWork\" itemscope><div class=\"item-image post-media\"><a href=\"https:\/\/ecole-stjoseph-staubin.com\/index.php\/2026\/03\/20\/animation-nature-pour-la-classe-de-ps-ms-gs\/\"><img decoding=\"async\" width=\"637\" src=\"https:\/\/ecole-stjoseph-staubin.com\/wp-content\/uploads\/apollo13_images\/20260320_105041-scaled-7s2wntcu516ydowvr0fekoio8vuynxq83i.jpg\" class=\"attachment-637x0x1xx90 size-637x0x1xx90 wp-post-image\" alt=\"\" itemprop=\"image\" \/><\/a><\/div>\n<div class=\"formatter\">\n    <div class=\"real-content hentry\">\n\n        <div class=\"post-meta\"><time class=\"entry-date published updated\" datetime=\"\" itemprop=\"datePublished\"><\/time> <\/div><h2 class=\"post-title entry-title\" itemprop=\"headline\"><a href=\"https:\/\/ecole-stjoseph-staubin.com\/index.php\/2026\/03\/20\/animation-nature-pour-la-classe-de-ps-ms-gs\/\" itemprop=\"url\">Animation nature pour la classe de PS-MS-GS<\/a><\/h2>\n        <div class=\"entry-summary\" itemprop=\"text\">\n        <p>Ce matin, les \u00e9l\u00e8ves de PS MS GS se sont rendus pr\u00e8s de la cabane \u00e0 pain pour vivre une animation nature avec Christelle et Patrick. Lors de cette animation, ils sont partis \u00e0 la recherche des lutins pour aborder les diff\u00e9rents v\u00e9g\u00e9taux puis ils leur ont construit un joli petit village pour qu&#8217;ils s&#8217;abritent.<\/p>\n        <\/div>\n\n        <div class=\"clear\"><\/div>\n\n                \n    <\/div>\n<\/div><\/div><div class=\"archive-item w1 post-3082 post type-post status-publish format-standard has-post-thumbnail category-actu\" data-category-23=\"1\" itemtype=\"https:\/\/schema.org\/CreativeWork\" itemscope><div class=\"item-image post-media\"><a href=\"https:\/\/ecole-stjoseph-staubin.com\/index.php\/2026\/03\/11\/fil-info-du-mois-de-mars\/\"><img decoding=\"async\" width=\"637\" src=\"https:\/\/ecole-stjoseph-staubin.com\/wp-content\/uploads\/apollo13_images\/Screenshot-2026-03-11-16.33.27-7rydrqoimyi9czoh0d0qv2ki5pti8umldm.png\" class=\"attachment-637x0x1xx90 size-637x0x1xx90 wp-post-image\" alt=\"\" itemprop=\"image\" \/><\/a><\/div>\n<div class=\"formatter\">\n    <div class=\"real-content hentry\">\n\n        <div class=\"post-meta\"><time class=\"entry-date published updated\" datetime=\"\" itemprop=\"datePublished\"><\/time> <\/div><h2 class=\"post-title entry-title\" itemprop=\"headline\"><a href=\"https:\/\/ecole-stjoseph-staubin.com\/index.php\/2026\/03\/11\/fil-info-du-mois-de-mars\/\" itemprop=\"url\">Fil info du mois de mars<\/a><\/h2>\n        <div class=\"entry-summary\" itemprop=\"text\">\n                <\/div>\n\n        <div class=\"clear\"><\/div>\n\n                \n    <\/div>\n<\/div><\/div><div class=\"archive-item w1 post-3078 post type-post status-publish format-standard has-post-thumbnail category-actu\" data-category-23=\"1\" itemtype=\"https:\/\/schema.org\/CreativeWork\" itemscope><div class=\"item-image post-media\"><a href=\"https:\/\/ecole-stjoseph-staubin.com\/index.php\/2026\/02\/04\/matinee-eveil-3\/\"><img decoding=\"async\" width=\"637\" src=\"https:\/\/ecole-stjoseph-staubin.com\/wp-content\/uploads\/apollo13_images\/Screenshot-2026-02-04-10.06.41-7rh2o1v63eruubwofsk83i68eyy5446eqm.png\" class=\"attachment-637x0x1xx90 size-637x0x1xx90 wp-post-image\" alt=\"\" itemprop=\"image\" \/><\/a><\/div>\n<div class=\"formatter\">\n    <div class=\"real-content hentry\">\n\n        <div class=\"post-meta\"><time class=\"entry-date published updated\" datetime=\"\" itemprop=\"datePublished\"><\/time> <\/div><h2 class=\"post-title entry-title\" itemprop=\"headline\"><a href=\"https:\/\/ecole-stjoseph-staubin.com\/index.php\/2026\/02\/04\/matinee-eveil-3\/\" itemprop=\"url\">Matin\u00e9e \u00e9veil<\/a><\/h2>\n        <div class=\"entry-summary\" itemprop=\"text\">\n        <p>Le samedi 7 mars, l&#8217;\u00e9cole ouvre ses portes pour que vous puissiez la visiter, poser des questions, rencontrer des membres de l&#8217;\u00e9quipe enseignante, rencontrer des familles de l&#8217;\u00e9cole&#8230; Si votre enfant fait sa rentr\u00e9e en PS (ou une autre classe) en septembre 2026 ou m\u00eame 2027, n&#8217;h\u00e9sitez pas \u00e0 venir vous renseigner A bient\u00f4t<\/p>\n        <\/div>\n\n        <div class=\"clear\"><\/div>\n\n                \n    <\/div>\n<\/div><\/div><div class=\"archive-item w1 post-3073 post type-post status-publish format-standard has-post-thumbnail category-actu\" data-category-23=\"1\" itemtype=\"https:\/\/schema.org\/CreativeWork\" itemscope><div class=\"item-image post-media\"><a href=\"https:\/\/ecole-stjoseph-staubin.com\/index.php\/2026\/02\/04\/fil-info-fevrier\/\"><img decoding=\"async\" width=\"637\" src=\"https:\/\/ecole-stjoseph-staubin.com\/wp-content\/uploads\/apollo13_images\/Screenshot-2026-02-04-10.06.03-7rh2aq60knwsrp557v8jzf9d2so63v0sgu.png\" class=\"attachment-637x0x1xx90 size-637x0x1xx90 wp-post-image\" alt=\"\" itemprop=\"image\" \/><\/a><\/div>\n<div class=\"formatter\">\n    <div class=\"real-content hentry\">\n\n        <div class=\"post-meta\"><time class=\"entry-date published updated\" datetime=\"\" itemprop=\"datePublished\"><\/time> <\/div><h2 class=\"post-title entry-title\" itemprop=\"headline\"><a href=\"https:\/\/ecole-stjoseph-staubin.com\/index.php\/2026\/02\/04\/fil-info-fevrier\/\" itemprop=\"url\">Fil info F\u00e9vrier<\/a><\/h2>\n        <div class=\"entry-summary\" itemprop=\"text\">\n                <\/div>\n\n        <div class=\"clear\"><\/div>\n\n                \n    <\/div>\n<\/div><\/div><div class=\"archive-item w1 post-3069 post type-post status-publish format-standard has-post-thumbnail category-actu\" data-category-23=\"1\" itemtype=\"https:\/\/schema.org\/CreativeWork\" itemscope><div class=\"item-image post-media\"><a href=\"https:\/\/ecole-stjoseph-staubin.com\/index.php\/2026\/01\/05\/nos-meilleurs-voeux\/\"><img decoding=\"async\" width=\"637\" src=\"https:\/\/ecole-stjoseph-staubin.com\/wp-content\/uploads\/apollo13_images\/Screenshot-2026-01-05-17.11.18-7r2hqmyspwbsn29v775atkn1eourazoe5q.png\" class=\"attachment-637x0x1xx90 size-637x0x1xx90 wp-post-image\" alt=\"\" itemprop=\"image\" \/><\/a><\/div>\n<div class=\"formatter\">\n    <div class=\"real-content hentry\">\n\n        <div class=\"post-meta\"><time class=\"entry-date published updated\" datetime=\"\" itemprop=\"datePublished\"><\/time> <\/div><h2 class=\"post-title entry-title\" itemprop=\"headline\"><a href=\"https:\/\/ecole-stjoseph-staubin.com\/index.php\/2026\/01\/05\/nos-meilleurs-voeux\/\" itemprop=\"url\">Nos meilleurs voeux<\/a><\/h2>\n        <div class=\"entry-summary\" itemprop=\"text\">\n                <\/div>\n\n        <div class=\"clear\"><\/div>\n\n                \n    <\/div>\n<\/div><\/div><div class=\"archive-item w1 post-3063 post type-post status-publish format-standard has-post-thumbnail category-actu\" data-category-23=\"1\" itemtype=\"https:\/\/schema.org\/CreativeWork\" itemscope><div class=\"item-image post-media\"><a href=\"https:\/\/ecole-stjoseph-staubin.com\/index.php\/2026\/01\/05\/fil-info-janvier\/\"><img decoding=\"async\" width=\"637\" src=\"https:\/\/ecole-stjoseph-staubin.com\/wp-content\/uploads\/apollo13_images\/Screenshot-2026-01-05-17.10.21-7r2hoi2dxz6odyq2i8vb6airj0zd9wyo0m.png\" class=\"attachment-637x0x1xx90 size-637x0x1xx90 wp-post-image\" alt=\"\" itemprop=\"image\" \/><\/a><\/div>\n<div class=\"formatter\">\n    <div class=\"real-content hentry\">\n\n        <div class=\"post-meta\"><time class=\"entry-date published updated\" datetime=\"\" itemprop=\"datePublished\"><\/time> <\/div><h2 class=\"post-title entry-title\" itemprop=\"headline\"><a href=\"https:\/\/ecole-stjoseph-staubin.com\/index.php\/2026\/01\/05\/fil-info-janvier\/\" itemprop=\"url\">Fil info janvier<\/a><\/h2>\n        <div class=\"entry-summary\" itemprop=\"text\">\n                <\/div>\n\n        <div class=\"clear\"><\/div>\n\n                \n    <\/div>\n<\/div><\/div><div class=\"archive-item w1 post-3051 post type-post status-publish format-standard has-post-thumbnail category-actu\" data-category-23=\"1\" itemtype=\"https:\/\/schema.org\/CreativeWork\" itemscope><div class=\"item-image post-media\"><a href=\"https:\/\/ecole-stjoseph-staubin.com\/index.php\/2025\/12\/22\/matinee-eveil-2\/\"><img decoding=\"async\" width=\"637\" src=\"https:\/\/ecole-stjoseph-staubin.com\/wp-content\/uploads\/apollo13_images\/20251120_095136-scaled-7qvjwl7ohdstse3nrdpr3xvwxfjaxfwoj2.jpg\" class=\"attachment-637x0x1xx90 size-637x0x1xx90 wp-post-image\" alt=\"\" itemprop=\"image\" \/><\/a><\/div>\n<div class=\"formatter\">\n    <div class=\"real-content hentry\">\n\n        <div class=\"post-meta\"><time class=\"entry-date published updated\" datetime=\"\" itemprop=\"datePublished\"><\/time> <\/div><h2 class=\"post-title entry-title\" itemprop=\"headline\"><a href=\"https:\/\/ecole-stjoseph-staubin.com\/index.php\/2025\/12\/22\/matinee-eveil-2\/\" itemprop=\"url\">Matin\u00e9e \u00e9veil<\/a><\/h2>\n        <div class=\"entry-summary\" itemprop=\"text\">\n        <p>Samedi 7 mars, nous vous accueillons de 10h00 \u00e0 11h30 pour venir d\u00e9couvrir notre \u00e9cole. Si votre enfant fera sa premi\u00e8re rentr\u00e9e en septembre 2026 ou 2027, vous \u00eates les bienvenus pour nous rencontrer, visiter les locaux, poser des questions et permettre \u00e0 votre enfant de d\u00e9couvrir ce qu&#8217;est la maternelle.<\/p>\n        <\/div>\n\n        <div class=\"clear\"><\/div>\n\n                \n    <\/div>\n<\/div><\/div><div class=\"archive-item w1 post-3042 post type-post status-publish format-standard has-post-thumbnail category-actu\" data-category-23=\"1\" itemtype=\"https:\/\/schema.org\/CreativeWork\" itemscope><div class=\"item-image post-media\"><a href=\"https:\/\/ecole-stjoseph-staubin.com\/index.php\/2025\/12\/19\/joyeuses-fetes\/\"><img decoding=\"async\" width=\"637\" src=\"https:\/\/ecole-stjoseph-staubin.com\/wp-content\/uploads\/apollo13_images\/Publication-Instagram-joyeux-noel-sapin-collage-photo-rouge-et-blanc-1-7qu5vofo1tse480dm9rrjbftwwjuwctjgq.jpg\" class=\"attachment-637x0x1xx90 size-637x0x1xx90 wp-post-image\" alt=\"\" itemprop=\"image\" \/><\/a><\/div>\n<div class=\"formatter\">\n    <div class=\"real-content hentry\">\n\n        <div class=\"post-meta\"><time class=\"entry-date published updated\" datetime=\"\" itemprop=\"datePublished\"><\/time> <\/div><h2 class=\"post-title entry-title\" itemprop=\"headline\"><a href=\"https:\/\/ecole-stjoseph-staubin.com\/index.php\/2025\/12\/19\/joyeuses-fetes\/\" itemprop=\"url\">Joyeuses f\u00eates<\/a><\/h2>\n        <div class=\"entry-summary\" itemprop=\"text\">\n        <p>Toute l&#8217;\u00e9quipe de l&#8217;\u00e9cole St Joseph vous souhaite de tr\u00e8s belles f\u00eates de fin d&#8217;ann\u00e9e. Merci pour tous ces jolis moments partag\u00e9s.<\/p>\n        <\/div>\n\n        <div class=\"clear\"><\/div>\n\n                \n    <\/div>\n<\/div><\/div><div class=\"archive-item w1 post-3039 post type-post status-publish format-standard has-post-thumbnail category-actu\" data-category-23=\"1\" itemtype=\"https:\/\/schema.org\/CreativeWork\" itemscope><div class=\"item-image post-media\"><a href=\"https:\/\/ecole-stjoseph-staubin.com\/index.php\/2025\/12\/15\/marche-de-noel-2\/\"><img decoding=\"async\" width=\"637\" src=\"https:\/\/ecole-stjoseph-staubin.com\/wp-content\/uploads\/apollo13_images\/IMG-20251214-WA0008-7qs61chbp6moluixbfddmbupv2ojjml3ji.jpg\" class=\"attachment-637x0x1xx90 size-637x0x1xx90 wp-post-image\" alt=\"\" itemprop=\"image\" \/><\/a><\/div>\n<div class=\"formatter\">\n    <div class=\"real-content hentry\">\n\n        <div class=\"post-meta\"><time class=\"entry-date published updated\" datetime=\"\" itemprop=\"datePublished\"><\/time> <\/div><h2 class=\"post-title entry-title\" itemprop=\"headline\"><a href=\"https:\/\/ecole-stjoseph-staubin.com\/index.php\/2025\/12\/15\/marche-de-noel-2\/\" itemprop=\"url\">March\u00e9 de Noel<\/a><\/h2>\n        <div class=\"entry-summary\" itemprop=\"text\">\n        <p>Samedi 13 d\u00e9cembre, nous nous sommes retrouv\u00e9s en milieu d&#8217;apr\u00e8s-midi dans la cour de l&#8217;\u00e9cole pour le march\u00e9 de Noel. Les enfants ont chant\u00e9 devant un public tr\u00e8s admiratif puis le P\u00e8re-Noel est arriv\u00e9 pour leur offrir des petits ballotins et partager avec eux un joli moment. Les parents ont pu se retrouver pour partager un joli moment de convivialit\u00e9 pour commencer tout en douceur \u00e0 c\u00e9l\u00e9brer Noel. Merci \u00e0 tous<\/p>\n        <\/div>\n\n        <div class=\"clear\"><\/div>\n\n                \n    <\/div>\n<\/div><\/div><div class=\"archive-item w1 post-3032 post type-post status-publish format-standard has-post-thumbnail category-actu\" data-category-23=\"1\" itemtype=\"https:\/\/schema.org\/CreativeWork\" itemscope><div class=\"item-image post-media\"><a href=\"https:\/\/ecole-stjoseph-staubin.com\/index.php\/2025\/11\/28\/fil-info-de-decembre\/\"><img decoding=\"async\" width=\"637\" src=\"https:\/\/ecole-stjoseph-staubin.com\/wp-content\/uploads\/apollo13_images\/Screenshot-2025-11-28-13.16.25-1-7qjqj38ezax69tpwuvdxfi5by2bhygt7zi.png\" class=\"attachment-637x0x1xx90 size-637x0x1xx90 wp-post-image\" alt=\"\" itemprop=\"image\" \/><\/a><\/div>\n<div class=\"formatter\">\n    <div class=\"real-content hentry\">\n\n        <div class=\"post-meta\"><time class=\"entry-date published updated\" datetime=\"\" itemprop=\"datePublished\"><\/time> <\/div><h2 class=\"post-title entry-title\" itemprop=\"headline\"><a href=\"https:\/\/ecole-stjoseph-staubin.com\/index.php\/2025\/11\/28\/fil-info-de-decembre\/\" itemprop=\"url\">Fil info de d\u00e9cembre<\/a><\/h2>\n        <div class=\"entry-summary\" itemprop=\"text\">\n        <p>Voici le fil info du mois de d\u00e9cembre<\/p>\n        <\/div>\n\n        <div class=\"clear\"><\/div>\n\n                \n    <\/div>\n<\/div><\/div><div class=\"archive-item w1 post-3028 post type-post status-publish format-standard has-post-thumbnail category-actu\" data-category-23=\"1\" itemtype=\"https:\/\/schema.org\/CreativeWork\" itemscope><div class=\"item-image post-media\"><a href=\"https:\/\/ecole-stjoseph-staubin.com\/index.php\/2025\/11\/25\/conseil-de-delegues\/\"><img decoding=\"async\" width=\"637\" src=\"https:\/\/ecole-stjoseph-staubin.com\/wp-content\/uploads\/apollo13_images\/IMG_4267-scaled-7qia53parglb5mipqbmqtpxrlas30h1vla.jpg\" class=\"attachment-637x0x1xx90 size-637x0x1xx90 wp-post-image\" alt=\"\" itemprop=\"image\" \/><\/a><\/div>\n<div class=\"formatter\">\n    <div class=\"real-content hentry\">\n\n        <div class=\"post-meta\"><time class=\"entry-date published updated\" datetime=\"\" itemprop=\"datePublished\"><\/time> <\/div><h2 class=\"post-title entry-title\" itemprop=\"headline\"><a href=\"https:\/\/ecole-stjoseph-staubin.com\/index.php\/2025\/11\/25\/conseil-de-delegues\/\" itemprop=\"url\">Conseil de d\u00e9l\u00e9gu\u00e9s<\/a><\/h2>\n        <div class=\"entry-summary\" itemprop=\"text\">\n        <p>Ce matin, les d\u00e9l\u00e9gu\u00e9s de chaque classe se sont retrouv\u00e9s avec St\u00e9phanie pour faire le point sur la cour de r\u00e9cr\u00e9ation. Ils ont ainsi pu \u00e9changer sur ce sujet en rapportant les propos de tous leurs camarades et en se fixant un nouvel objectif pour le prochain conseil. Voici le compte rendu de ce conseil<\/p>\n        <\/div>\n\n        <div class=\"clear\"><\/div>\n\n                \n    <\/div>\n<\/div><\/div><div class=\"archive-item w1 post-3019 post type-post status-publish format-standard has-post-thumbnail category-actu\" data-category-23=\"1\" itemtype=\"https:\/\/schema.org\/CreativeWork\" itemscope><div class=\"item-image post-media\"><a href=\"https:\/\/ecole-stjoseph-staubin.com\/index.php\/2025\/11\/04\/fil-info-novembre\/\"><img decoding=\"async\" width=\"637\" src=\"https:\/\/ecole-stjoseph-staubin.com\/wp-content\/uploads\/apollo13_images\/Screenshot-2025-11-04-13.24.52-1-7q7ycj7qxk3v0do326zcsc6c24qgjvf9gy.png\" class=\"attachment-637x0x1xx90 size-637x0x1xx90 wp-post-image\" alt=\"\" itemprop=\"image\" \/><\/a><\/div>\n<div class=\"formatter\">\n    <div class=\"real-content hentry\">\n\n        <div class=\"post-meta\"><time class=\"entry-date published updated\" datetime=\"\" itemprop=\"datePublished\"><\/time> <\/div><h2 class=\"post-title entry-title\" itemprop=\"headline\"><a href=\"https:\/\/ecole-stjoseph-staubin.com\/index.php\/2025\/11\/04\/fil-info-novembre\/\" itemprop=\"url\">Fil info Novembre<\/a><\/h2>\n        <div class=\"entry-summary\" itemprop=\"text\">\n                <\/div>\n\n        <div class=\"clear\"><\/div>\n\n                \n    <\/div>\n<\/div><\/div><div class=\"archive-item w1 post-2991 post type-post status-publish format-standard has-post-thumbnail category-actu\" data-category-23=\"1\" itemtype=\"https:\/\/schema.org\/CreativeWork\" itemscope><div class=\"item-image post-media\"><a href=\"https:\/\/ecole-stjoseph-staubin.com\/index.php\/2025\/10\/16\/le-drive-du-pere-noel\/\"><img decoding=\"async\" width=\"637\" src=\"https:\/\/ecole-stjoseph-staubin.com\/wp-content\/uploads\/apollo13_images\/autocollant-pere-noel-et-rennes-rigolo-7l4oqplpcdgjjuihmp22iffj4e0e0l986y.png\" class=\"attachment-637x0x1xx90 size-637x0x1xx90 wp-post-image\" alt=\"\" itemprop=\"image\" \/><\/a><\/div>\n<div class=\"formatter\">\n    <div class=\"real-content hentry\">\n\n        <div class=\"post-meta\"><time class=\"entry-date published updated\" datetime=\"\" itemprop=\"datePublished\"><\/time> <\/div><h2 class=\"post-title entry-title\" itemprop=\"headline\"><a href=\"https:\/\/ecole-stjoseph-staubin.com\/index.php\/2025\/10\/16\/le-drive-du-pere-noel\/\" itemprop=\"url\">Le drive du P\u00e8re-Noel<\/a><\/h2>\n        <div class=\"entry-summary\" itemprop=\"text\">\n        <p>Cette ann\u00e9e, n&#8217;h\u00e9sitez pas \u00e0 passer commande au drive du P\u00e8re-Noel de notre \u00e9cole. Vous y trouverez des produits vari\u00e9s qui feront plaisir \u00e0 tous gr\u00e2ce \u00e0 nos commer\u00e7ants locaux. Vous pouvez aussi demander les documents \u00e0 l&#8217;\u00e9cole.<\/p>\n        <\/div>\n\n        <div class=\"clear\"><\/div>\n\n                \n    <\/div>\n<\/div><\/div><div class=\"archive-item w1 post-2985 post type-post status-publish format-standard has-post-thumbnail category-actu\" data-category-23=\"1\" itemtype=\"https:\/\/schema.org\/CreativeWork\" itemscope><div class=\"item-image post-media\"><a href=\"https:\/\/ecole-stjoseph-staubin.com\/index.php\/2025\/09\/30\/fil-info-du-mois-doctobre\/\"><img decoding=\"async\" width=\"637\" src=\"https:\/\/ecole-stjoseph-staubin.com\/wp-content\/uploads\/apollo13_images\/Screenshot-2025-09-30-13.31.42-7pqqxfirrpc3mljoyin6umqh6m1wl2kv2m.png\" class=\"attachment-637x0x1xx90 size-637x0x1xx90 wp-post-image\" alt=\"\" itemprop=\"image\" \/><\/a><\/div>\n<div class=\"formatter\">\n    <div class=\"real-content hentry\">\n\n        <div class=\"post-meta\"><time class=\"entry-date published updated\" datetime=\"\" itemprop=\"datePublished\"><\/time> <\/div><h2 class=\"post-title entry-title\" itemprop=\"headline\"><a href=\"https:\/\/ecole-stjoseph-staubin.com\/index.php\/2025\/09\/30\/fil-info-du-mois-doctobre\/\" itemprop=\"url\">Fil info du mois d&#8217;octobre<\/a><\/h2>\n        <div class=\"entry-summary\" itemprop=\"text\">\n                <\/div>\n\n        <div class=\"clear\"><\/div>\n\n                \n    <\/div>\n<\/div><\/div><div class=\"archive-item w1 post-2974 post type-post status-publish format-standard has-post-thumbnail category-actu\" data-category-23=\"1\" itemtype=\"https:\/\/schema.org\/CreativeWork\" itemscope><div class=\"item-image post-media\"><a href=\"https:\/\/ecole-stjoseph-staubin.com\/index.php\/2025\/09\/22\/calendrier-evenements-apel-ogec-de-lecole\/\"><img decoding=\"async\" width=\"637\" src=\"https:\/\/ecole-stjoseph-staubin.com\/wp-content\/uploads\/apollo13_images\/Screenshot-2025-09-22-21.48.12-7pmzkbooulfaz21xa1t4ga085s0u4fmw1a.png\" class=\"attachment-637x0x1xx90 size-637x0x1xx90 wp-post-image\" alt=\"\" itemprop=\"image\" \/><\/a><\/div>\n<div class=\"formatter\">\n    <div class=\"real-content hentry\">\n\n        <div class=\"post-meta\"><time class=\"entry-date published updated\" datetime=\"\" itemprop=\"datePublished\"><\/time> <\/div><h2 class=\"post-title entry-title\" itemprop=\"headline\"><a href=\"https:\/\/ecole-stjoseph-staubin.com\/index.php\/2025\/09\/22\/calendrier-evenements-apel-ogec-de-lecole\/\" itemprop=\"url\">Calendrier \u00e9v\u00e9nements APEL\/OGEC de l&#8217;\u00e9cole<\/a><\/h2>\n        <div class=\"entry-summary\" itemprop=\"text\">\n                <\/div>\n\n        <div class=\"clear\"><\/div>\n\n                \n    <\/div>\n<\/div><\/div><div class=\"archive-item w1 post-2961 post type-post status-publish format-standard has-post-thumbnail category-actu\" data-category-23=\"1\" itemtype=\"https:\/\/schema.org\/CreativeWork\" itemscope><div class=\"item-image post-media\"><a href=\"https:\/\/ecole-stjoseph-staubin.com\/index.php\/2025\/09\/03\/fil-info-septembre-2025\/\"><img decoding=\"async\" width=\"637\" src=\"https:\/\/ecole-stjoseph-staubin.com\/wp-content\/uploads\/apollo13_images\/Screenshot-2025-09-03-21.44.52-7pdnooaifc0svm6uej2plbbeqmsoouykz2.png\" class=\"attachment-637x0x1xx90 size-637x0x1xx90 wp-post-image\" alt=\"\" itemprop=\"image\" \/><\/a><\/div>\n<div class=\"formatter\">\n    <div class=\"real-content hentry\">\n\n        <div class=\"post-meta\"><time class=\"entry-date published updated\" datetime=\"\" itemprop=\"datePublished\"><\/time> <\/div><h2 class=\"post-title entry-title\" itemprop=\"headline\"><a href=\"https:\/\/ecole-stjoseph-staubin.com\/index.php\/2025\/09\/03\/fil-info-septembre-2025\/\" itemprop=\"url\">Fil info septembre 2025<\/a><\/h2>\n        <div class=\"entry-summary\" itemprop=\"text\">\n                <\/div>\n\n        <div class=\"clear\"><\/div>\n\n                \n    <\/div>\n<\/div><\/div><div class=\"archive-item w1 post-2931 post type-post status-publish format-standard has-post-thumbnail category-actu\" data-category-23=\"1\" itemtype=\"https:\/\/schema.org\/CreativeWork\" itemscope><div class=\"item-image post-media\"><a href=\"https:\/\/ecole-stjoseph-staubin.com\/index.php\/2025\/08\/31\/fil-info-aout-2025\/\"><img decoding=\"async\" width=\"637\" src=\"https:\/\/ecole-stjoseph-staubin.com\/wp-content\/uploads\/apollo13_images\/Capture-decran-2025-08-31-a-21.00.34-7pc61zf8vpd1hqz3e4ych6l5d9hd736epa.png\" class=\"attachment-637x0x1xx90 size-637x0x1xx90 wp-post-image\" alt=\"\" itemprop=\"image\" \/><\/a><\/div>\n<div class=\"formatter\">\n    <div class=\"real-content hentry\">\n\n        <div class=\"post-meta\"><time class=\"entry-date published updated\" datetime=\"\" itemprop=\"datePublished\"><\/time> <\/div><h2 class=\"post-title entry-title\" itemprop=\"headline\"><a href=\"https:\/\/ecole-stjoseph-staubin.com\/index.php\/2025\/08\/31\/fil-info-aout-2025\/\" itemprop=\"url\">Fil info ao\u00fbt 2025<\/a><\/h2>\n        <div class=\"entry-summary\" itemprop=\"text\">\n        <p>Voici le fil info du mois d&#8217;ao\u00fbt. Nous avons h\u00e2te de retrouver les \u00e9l\u00e8ves lundi !<\/p>\n        <\/div>\n\n        <div class=\"clear\"><\/div>\n\n                \n    <\/div>\n<\/div><\/div><div class=\"archive-item w1 post-2909 post type-post status-publish format-standard has-post-thumbnail category-actu\" data-category-23=\"1\" itemtype=\"https:\/\/schema.org\/CreativeWork\" itemscope><div class=\"item-image post-media\"><a href=\"https:\/\/ecole-stjoseph-staubin.com\/index.php\/2025\/05\/04\/animation-nature\/\"><img decoding=\"async\" width=\"637\" src=\"https:\/\/ecole-stjoseph-staubin.com\/wp-content\/uploads\/apollo13_images\/IMG-20250429-WA0008-7npne4ezdknvbvy0p835wy4szqn7ddo07u.jpg\" class=\"attachment-637x0x1xx90 size-637x0x1xx90 wp-post-image\" alt=\"\" itemprop=\"image\" \/><\/a><\/div>\n<div class=\"formatter\">\n    <div class=\"real-content hentry\">\n\n        <div class=\"post-meta\"><time class=\"entry-date published updated\" datetime=\"\" itemprop=\"datePublished\"><\/time> <\/div><h2 class=\"post-title entry-title\" itemprop=\"headline\"><a href=\"https:\/\/ecole-stjoseph-staubin.com\/index.php\/2025\/05\/04\/animation-nature\/\" itemprop=\"url\">Animation nature<\/a><\/h2>\n        <div class=\"entry-summary\" itemprop=\"text\">\n        <p>Le mardi 29 avril, les \u00e9l\u00e8ves de GS-CP et les \u00e9l\u00e8ves de CE2-CM1-CM2 ont pu participer \u00e0 une animation nature au bord du layon. Les \u00e9l\u00e8ves de GS-CP ont d\u00e9couvert la biodiversit\u00e9 autour de notre \u00e9cole avec Mathilde (intervenante du CPIE dans le cadre l&#8217;Atlas de la Biodiversit\u00e9 Intercommunal) autour de diff\u00e9rents ateliers et les \u00e9l\u00e8ves de CE2-CM1-CM2 ont r\u00e9alis\u00e9 un atelier vannerie avec Christelle et Patrick (animateurs pour pleine nature et patrimoine pour l&#8217;association pieds anjou\u00e9s). Les enfants ont pu d\u00e9couvrir ou red\u00e9couvrir les richesses de la nature qui entoure notre \u00e9cole.<\/p>\n        <\/div>\n\n        <div class=\"clear\"><\/div>\n\n                \n    <\/div>\n<\/div><\/div><div class=\"archive-item w1 post-2904 post type-post status-publish format-standard has-post-thumbnail category-actu\" data-category-23=\"1\" itemtype=\"https:\/\/schema.org\/CreativeWork\" itemscope><div class=\"item-image post-media\"><a href=\"https:\/\/ecole-stjoseph-staubin.com\/index.php\/2025\/04\/04\/carnaval-3\/\"><img decoding=\"async\" width=\"637\" src=\"https:\/\/ecole-stjoseph-staubin.com\/wp-content\/uploads\/apollo13_images\/20250404_114306-scaled-7naxlu19bvchrfcmfz7bqpo8f3wiyzk2zy.jpg\" class=\"attachment-637x0x1xx90 size-637x0x1xx90 wp-post-image\" alt=\"\" itemprop=\"image\" \/><\/a><\/div>\n<div class=\"formatter\">\n    <div class=\"real-content hentry\">\n\n        <div class=\"post-meta\"><time class=\"entry-date published updated\" datetime=\"\" itemprop=\"datePublished\"><\/time> <\/div><h2 class=\"post-title entry-title\" itemprop=\"headline\"><a href=\"https:\/\/ecole-stjoseph-staubin.com\/index.php\/2025\/04\/04\/carnaval-3\/\" itemprop=\"url\">Carnaval<\/a><\/h2>\n        <div class=\"entry-summary\" itemprop=\"text\">\n        <p>Ce vendredi 4 avril, nous avons c\u00e9l\u00e9br\u00e9 le carnaval avec les enfants de l&#8217;\u00e9cole. Nous avons r\u00e9alis\u00e9 4 ateliers : r\u00e9alisation d&#8217;une fresque commune, atelier cr\u00eapes, r\u00e9alisation de maracas et atelier sportif avec un parcours de motricit\u00e9. Puis, nous nous sommes tous retrouv\u00e9s pour d\u00e9filer et danser dans l&#8217;\u00e9cole. C&#8217;\u00e9tait une superbe matin\u00e9e<\/p>\n        <\/div>\n\n        <div class=\"clear\"><\/div>\n\n                \n    <\/div>\n<\/div><\/div><div class=\"archive-item w1 post-2901 post type-post status-publish format-standard has-post-thumbnail category-actu\" data-category-23=\"1\" itemtype=\"https:\/\/schema.org\/CreativeWork\" itemscope><div class=\"item-image post-media\"><a href=\"https:\/\/ecole-stjoseph-staubin.com\/index.php\/2025\/04\/03\/bol-de-riz-2024-2025\/\"><img decoding=\"async\" width=\"637\" src=\"https:\/\/ecole-stjoseph-staubin.com\/wp-content\/uploads\/apollo13_images\/20250403_122646-scaled-7nadbc99egs7wt3msonv9k3qjyyavmy9m6.jpg\" class=\"attachment-637x0x1xx90 size-637x0x1xx90 wp-post-image\" alt=\"\" itemprop=\"image\" \/><\/a><\/div>\n<div class=\"formatter\">\n    <div class=\"real-content hentry\">\n\n        <div class=\"post-meta\"><time class=\"entry-date published updated\" datetime=\"\" itemprop=\"datePublished\"><\/time> <\/div><h2 class=\"post-title entry-title\" itemprop=\"headline\"><a href=\"https:\/\/ecole-stjoseph-staubin.com\/index.php\/2025\/04\/03\/bol-de-riz-2024-2025\/\" itemprop=\"url\">Bol de riz 2024\/2025<\/a><\/h2>\n        <div class=\"entry-summary\" itemprop=\"text\">\n        <p>Le jeudi 3 avril, nous avons partag\u00e9 notre repas du midi tous ensemble pour vivre l&#8217;action &#8220;Bol de riz&#8221;. C&#8217;\u00e9tait un tr\u00e8s joli moment de partage. Cette ann\u00e9e, les dons r\u00e9colt\u00e9s seront vers\u00e9s \u00e0 l&#8217;association &#8220;Marie, r\u00eaves et espoirs&#8221;. Cette association permet de concr\u00e9tiser les r\u00eaves des enfants atteints de lourdes pathologies afin de leur offrir des moments forts avec leurs proches pour s&#8217;\u00e9vader quelques instants de leur quotidien dans les h\u00f4pitaux. Nous vivrons un second temps d&#8217;\u00e9change le vendredi 25 avril, avec l&#8217;une des membres de cette association.<\/p>\n        <\/div>\n\n        <div class=\"clear\"><\/div>\n\n                \n    <\/div>\n<\/div><\/div><\/div><\/div>\t\t\t\t<\/div>\n\t\t\t\t<\/div>\n\t\t\t\t\t<\/div>\n\t\t<\/div>\n\t\t\t\t\t<\/div>\n\t\t<\/section>\n\t\t\t\t<\/div>\n\t\t","protected":false},"excerpt":{"rendered":"<p>1 mars 2022 par Marion Gresil 0 Actualit\u00e9 CARNAVAL Aujourd&#8217;hui, nous avons c\u00e9l\u00e9br\u00e9 mardi gras. Les pirates, les princesses, les danseuses, les super-h\u00e9ros et autres personnages \u00e9taient invit\u00e9s au sein de notre \u00e9cole pour ce moment festif. Au programme [&hellip;] 22 octobre 2021 par Marion Gresil 0 Actualit\u00e9 Danse pr\u00e9histoire Au cours de cette premi\u00e8re p\u00e9riode nous avons voyag\u00e9 au temps de la Pr\u00e9histoire. Afin de nous fondre dans le d\u00e9cor et ne pas nous faire remarquer, nous avons appris [&hellip;] 22 octobre 2021 par Marion Gresil 0 Actualit\u00e9 Journ\u00e9es coop\u00e9ratives D\u00e9but octobre, les \u00e9l\u00e8ves de CE2 CM1 CM2 sont venus travailler aupr\u00e8s des \u00e9l\u00e8ves de PS MS et GS autour des jeux. C&#8217;\u00e9tait un moment tr\u00e8s enrichissant pour tous&hellip;<\/p>\n<p> <a class=\"more-link\" href=\"https:\/\/ecole-stjoseph-staubin.com\/index.php\/2025\/04\/03\/bol-de-riz-2024-2025\/\">Lire la suite<\/a><\/p>\n","protected":false},"author":1,"featured_media":0,"parent":0,"menu_order":0,"comment_status":"closed","ping_status":"closed","template":"","meta":{"_EventAllDay":false,"_EventTimezone":"","_EventStartDate":"","_EventEndDate":"","_EventStartDateUTC":"","_EventEndDateUTC":"","_EventShowMap":false,"_EventShowMapLink":false,"_EventURL":"","_EventCost":"","_EventCostDescription":"","_EventCurrencySymbol":"","_EventCurrencyCode":"","_EventCurrencyPosition":"","_EventDateTimeSeparator":"","_EventTimeRangeSeparator":"","_EventOrganizerID":[],"_EventVenueID":[],"_OrganizerEmail":"","_OrganizerPhone":"","_OrganizerWebsite":"","_VenueAddress":"","_VenueCity":"","_VenueCountry":"","_VenueProvince":"","_VenueState":"","_VenueZip":"","_VenuePhone":"","_VenueURL":"","_VenueStateProvince":"","_VenueLat":"","_VenueLng":"","_VenueShowMap":false,"_VenueShowMapLink":false,"footnotes":""},"class_list":["post-1684","page","type-page","status-publish"],"_links":{"self":[{"href":"https:\/\/ecole-stjoseph-staubin.com\/index.php\/wp-json\/wp\/v2\/pages\/1684","targetHints":{"allow":["GET"]}}],"collection":[{"href":"https:\/\/ecole-stjoseph-staubin.com\/index.php\/wp-json\/wp\/v2\/pages"}],"about":[{"href":"https:\/\/ecole-stjoseph-staubin.com\/index.php\/wp-json\/wp\/v2\/types\/page"}],"author":[{"embeddable":true,"href":"https:\/\/ecole-stjoseph-staubin.com\/index.php\/wp-json\/wp\/v2\/users\/1"}],"replies":[{"embeddable":true,"href":"https:\/\/ecole-stjoseph-staubin.com\/index.php\/wp-json\/wp\/v2\/comments?post=1684"}],"version-history":[{"count":13,"href":"https:\/\/ecole-stjoseph-staubin.com\/index.php\/wp-json\/wp\/v2\/pages\/1684\/revisions"}],"predecessor-version":[{"id":1854,"href":"https:\/\/ecole-stjoseph-staubin.com\/index.php\/wp-json\/wp\/v2\/pages\/1684\/revisions\/1854"}],"wp:attachment":[{"href":"https:\/\/ecole-stjoseph-staubin.com\/index.php\/wp-json\/wp\/v2\/media?parent=1684"}],"curies":[{"name":"wp","href":"https:\/\/api.w.org\/{rel}","templated":true}]}}