{"id":3,"date":"2020-01-05T14:40:18","date_gmt":"2020-01-05T13:40:18","guid":{"rendered":"http:\/\/ecole-stjoseph-staubin.com\/?page_id=3"},"modified":"2022-03-14T10:08:46","modified_gmt":"2022-03-14T09:08:46","slug":"politique-de-confidentialite","status":"publish","type":"page","link":"https:\/\/ecole-stjoseph-staubin.com\/index.php\/politique-de-confidentialite\/","title":{"rendered":"Mentions l\u00e9gales"},"content":{"rendered":"\n<p><\/p>\n\n\n\n<h2 class=\"wp-block-heading\">Qui sommes-nous&nbsp;?<\/h2>\n\n\n\n<p>L\u2019adresse de notre site Web est&nbsp;: https:\/\/ecole-stjoseph-staubin.com.<\/p>\n\n\n\n<p class=\"has-text-align-center\">Ecole St Joseph<br>11 place de l&#8217;Eglise<br>Saint Aubin de Luign\u00e9<br>49190 VAL DU LAYON<br>02 41 78 39 99<br>staubindeluigne.stjoseph@ec49.fr<\/p>\n\n\n\n<p>La conception graphique et le d\u00e9veloppement du site Internet de l&#8217;\u00e9cole St Joseph,  est r\u00e9alis\u00e9 b\u00e9n\u00e9volement par Anne-Claire Redois<br>(parent d&#8217;\u00e9l\u00e8ve et membre OGEC).<\/p>\n\n\n\n<h2 class=\"wp-block-heading\">H\u00e9bergement<\/h2>\n\n\n\n<p>Le site Internet: https:\/\/ecole-stjoseph-staubin.com est h\u00e9berg\u00e9 par la soci\u00e9t\u00e9:<\/p>\n\n\n\n<p class=\"has-text-align-center\">SAS OVH<br>2 rue Kellermann<br>BP 80157<br>59100 ROUBAIX<br>08.20.69.87.65 (Num\u00e9ro Indigo 0,118 Euro\/min)<\/p>\n\n\n\n<h2 class=\"wp-block-heading\">Propri\u00e9t\u00e9 intellectuelle<\/h2>\n\n\n\n<p>Toute repr\u00e9sentation totale ou partielle de ce site et de son contenu, par quelques proc\u00e9d\u00e9s que ce soit, sans autorisation pr\u00e9alable de la responsable de la conception et du d\u00e9veloppement (Anne-Claire REDOIS, brouinsard.redois@gmail.com) ou du directrice de l&#8217;\u00e9tablissement (Sylvie RICHARD, staubindeluigne.stjoseph@ec49.fr) est interdite et constituerait une contrefa\u00e7on sanctionn\u00e9e par les articles L335-2 et suivants du Code de la Propri\u00e9t\u00e9 Intellectuelle.<\/p>\n\n\n\n<h2 class=\"wp-block-heading\">Protection des donn\u00e9es personnelles<\/h2>\n\n\n\n<p>Les utilisateurs du site sont tenus de respecter les dispositions de la Loi Informatique, Fichiers et Libert\u00e9s, dont la violation est passible de sanctions p\u00e9nales.<br>Ils doivent notamment s\u2019abstenir de toute collecte, de toute utilisation d\u00e9tourn\u00e9e, et d\u2019une mani\u00e8re g\u00e9n\u00e9rale, de tout acte susceptible de porter atteinte \u00e0 la vie priv\u00e9e ou \u00e0 la r\u00e9putation des personnes.<\/p>\n\n\n\n<p>L&#8217;ensemble des membres APEL et OGEC ont fait l&#8217;objet d&#8217;une demande orale d&#8217;autorisation pr\u00e9alable avant toute diffusion de leurs photos et ont accept\u00e9 les conditions de diffusion. Tous les parents d&#8217;\u00e9l\u00e8ves, en d\u00e9but de chaque ann\u00e9e scolaire, sont soumis \u00e0 une demande \u00e9crite d&#8217;accord de diffusion sur le site Internet www.ecole-stjoseph-staubin.com.<\/p>\n\n\n\n<p>Vous disposez d\u2019un droit d\u2019acc\u00e8s, de modification, de rectification et de suppression des donn\u00e9es vous concernant (loi &#8220;Informatique et Libert\u00e9s&#8221; du 6 janvier 1978) \u00e0 exercer aupr\u00e8s d&#8217;Anne Claire REDOIS brouinsard.redois@gmail.com ou Sylvie RICHARD staubindeluigne.stjoseph@ec49.fr (directrice de l&#8217;\u00e9cole St Joseph).<\/p>\n\n\n\n<h3 class=\"wp-block-heading\">Commentaires<\/h3>\n\n\n\n<p>Quand vous laissez un commentaire sur notre site web, les donn\u00e9es inscrites dans le formulaire de commentaire, mais aussi votre adresse IP et l\u2019agent utilisateur de votre navigateur sont collect\u00e9s pour nous aider \u00e0 la d\u00e9tection des commentaires ind\u00e9sirables.<\/p>\n\n\n\n<p>Une cha\u00eene anonymis\u00e9e cr\u00e9\u00e9e \u00e0 partir de votre adresse de messagerie (\u00e9galement appel\u00e9e hash) peut \u00eatre envoy\u00e9e au service Gravatar pour v\u00e9rifier si vous utilisez ce dernier. Les clauses de confidentialit\u00e9 du service Gravatar sont disponibles ici&nbsp;: https:\/\/automattic.com\/privacy\/. Apr\u00e8s validation de votre commentaire, votre photo de profil sera visible publiquement \u00e0 cot\u00e9 de votre commentaire.<\/p>\n\n\n\n<h3 class=\"wp-block-heading\">M\u00e9dias<\/h3>\n\n\n\n<p>Si vous \u00eates un utilisateur ou une utilisatrice enregistr\u00e9\u00b7e et que vous t\u00e9l\u00e9versez des images sur le site web, nous vous conseillons d\u2019\u00e9viter de t\u00e9l\u00e9verser des images contenant des donn\u00e9es EXIF de coordonn\u00e9es GPS. Les visiteurs de votre site web peuvent t\u00e9l\u00e9charger et extraire des donn\u00e9es de localisation depuis ces images.<\/p>\n\n\n\n<h3 class=\"wp-block-heading\">Formulaires de contact<\/h3>\n\n\n\n<h3 class=\"wp-block-heading\">Cookies<\/h3>\n\n\n\n<p>Si vous d\u00e9posez un commentaire sur notre site, il vous sera propos\u00e9 d\u2019enregistrer votre nom, adresse de messagerie et site web dans des cookies. C\u2019est uniquement pour votre confort afin de ne pas avoir \u00e0 saisir ces informations si vous d\u00e9posez un autre commentaire plus tard. Ces cookies expirent au bout d\u2019un an.<\/p>\n\n\n\n<p>Si vous avez un compte et que vous vous connectez sur ce site, un cookie temporaire sera cr\u00e9\u00e9 afin de d\u00e9terminer si votre navigateur accepte les cookies. Il ne contient pas de donn\u00e9es personnelles et sera supprim\u00e9 automatiquement \u00e0 la fermeture de votre navigateur.<\/p>\n\n\n\n<p>Lorsque vous vous connecterez, nous mettrons en place un certain nombre de cookies pour enregistrer vos informations de connexion et vos pr\u00e9f\u00e9rences d\u2019\u00e9cran. La dur\u00e9e de vie d\u2019un cookie de connexion est de deux jours, celle d\u2019un cookie d\u2019option d\u2019\u00e9cran est d\u2019un an. Si vous cochez \u00ab&nbsp;Se souvenir de moi&nbsp;\u00bb, votre cookie de connexion sera conserv\u00e9 pendant deux semaines. Si vous vous d\u00e9connectez de votre compte, le cookie de connexion sera effac\u00e9.<\/p>\n\n\n\n<p>En modifiant ou en publiant une publication, un cookie suppl\u00e9mentaire sera enregistr\u00e9 dans votre navigateur. Ce cookie ne comprend aucune donn\u00e9e personnelle. Il indique simplement l\u2019ID de la publication que vous venez de modifier. Il expire au bout d\u2019un jour.<\/p>\n\n\n\n<h3 class=\"wp-block-heading\">Contenu embarqu\u00e9 depuis d\u2019autres sites<\/h3>\n\n\n\n<p>Les articles de ce site peuvent inclure des contenus int\u00e9gr\u00e9s (par exemple des vid\u00e9os, images, articles\u2026). Le contenu int\u00e9gr\u00e9 depuis d\u2019autres sites se comporte de la m\u00eame mani\u00e8re que si le visiteur se rendait sur cet autre site.<\/p>\n\n\n\n<p>Ces sites web pourraient collecter des donn\u00e9es sur vous, utiliser des cookies, embarquer des outils de suivis tiers, suivre vos interactions avec ces contenus embarqu\u00e9s si vous disposez d\u2019un compte connect\u00e9 sur leur site web.<\/p>\n\n\n\n<h2 class=\"wp-block-heading\">Dur\u00e9es de stockage de vos donn\u00e9es<\/h2>\n\n\n\n<p>Si vous laissez un commentaire, le commentaire et ses m\u00e9tadonn\u00e9es sont conserv\u00e9s ind\u00e9finiment. Cela permet de reconna\u00eetre et approuver automatiquement les commentaires suivants au lieu de les laisser dans la file de mod\u00e9ration.<\/p>\n\n\n\n<p>Pour les utilisateurs et utilisatrices qui s\u2019enregistrent sur notre site (si cela est possible), nous stockons \u00e9galement les donn\u00e9es personnelles indiqu\u00e9es dans leur profil. Tous les utilisateurs et utilisatrices peuvent voir, modifier ou supprimer leurs informations personnelles \u00e0 tout moment (\u00e0 l\u2019exception de leur nom d\u2019utilisateur\u00b7ice). Les gestionnaires du site peuvent aussi voir et modifier ces informations.<\/p>\n\n\n\n<h2 class=\"wp-block-heading\">Les droits que vous avez sur vos donn\u00e9es<\/h2>\n\n\n\n<p>Si vous avez un compte ou si vous avez laiss\u00e9 des commentaires sur le site, vous pouvez demander \u00e0 recevoir un fichier contenant toutes les donn\u00e9es personnelles que nous poss\u00e9dons \u00e0 votre sujet, incluant celles que vous nous avez fournies. Vous pouvez \u00e9galement demander la suppression des donn\u00e9es personnelles vous concernant. Cela ne prend pas en compte les donn\u00e9es stock\u00e9es \u00e0 des fins administratives, l\u00e9gales ou pour des raisons de s\u00e9curit\u00e9.<\/p>\n\n\n\n<h2 class=\"wp-block-heading\">Transmission de vos donn\u00e9es personnelles<\/h2>\n\n\n\n<p>Les commentaires des visiteurs peuvent \u00eatre v\u00e9rifi\u00e9s \u00e0 l\u2019aide d\u2019un service automatis\u00e9 de d\u00e9tection des commentaires ind\u00e9sirables.<\/p>\n","protected":false},"excerpt":{"rendered":"<p>Qui sommes-nous&nbsp;? L\u2019adresse de notre site Web est&nbsp;: https:\/\/ecole-stjoseph-staubin.com. Ecole St Joseph11 place de l&#8217;EgliseSaint Aubin de Luign\u00e949190 VAL DU LAYON02 41 78 39 99staubindeluigne.stjoseph@ec49.fr La conception graphique et le d\u00e9veloppement du site Internet de l&#8217;\u00e9cole St Joseph, est r\u00e9alis\u00e9 b\u00e9n\u00e9volement par Anne-Claire Redois(parent d&#8217;\u00e9l\u00e8ve et membre OGEC). H\u00e9bergement Le site Internet: https:\/\/ecole-stjoseph-staubin.com est h\u00e9berg\u00e9 par la soci\u00e9t\u00e9: SAS OVH2 rue KellermannBP 8015759100 ROUBAIX08.20.69.87.65 (Num\u00e9ro Indigo 0,118 Euro\/min) Propri\u00e9t\u00e9 intellectuelle Toute repr\u00e9sentation totale ou partielle de ce site et de son contenu, par quelques proc\u00e9d\u00e9s que ce soit, sans autorisation pr\u00e9alable de la responsable de la conception et du d\u00e9veloppement (Anne-Claire REDOIS, brouinsard.redois@gmail.com) ou du directrice de l&#8217;\u00e9tablissement (Sylvie RICHARD, staubindeluigne.stjoseph@ec49.fr) est interdite et constituerait une contrefa\u00e7on sanctionn\u00e9e par les&hellip;<\/p>\n<p> <a class=\"more-link\" href=\"https:\/\/ecole-stjoseph-staubin.com\/index.php\/politique-de-confidentialite\/\">Lire la suite<\/a><\/p>\n","protected":false},"author":1,"featured_media":0,"parent":0,"menu_order":0,"comment_status":"closed","ping_status":"open","template":"","meta":{"_EventAllDay":false,"_EventTimezone":"","_EventStartDate":"","_EventEndDate":"","_EventStartDateUTC":"","_EventEndDateUTC":"","_EventShowMap":false,"_EventShowMapLink":false,"_EventURL":"","_EventCost":"","_EventCostDescription":"","_EventCurrencySymbol":"","_EventCurrencyCode":"","_EventCurrencyPosition":"","_EventDateTimeSeparator":"","_EventTimeRangeSeparator":"","_EventOrganizerID":[],"_EventVenueID":[],"_OrganizerEmail":"","_OrganizerPhone":"","_OrganizerWebsite":"","_VenueAddress":"","_VenueCity":"","_VenueCountry":"","_VenueProvince":"","_VenueState":"","_VenueZip":"","_VenuePhone":"","_VenueURL":"","_VenueStateProvince":"","_VenueLat":"","_VenueLng":"","_VenueShowMap":false,"_VenueShowMapLink":false,"footnotes":""},"class_list":["post-3","page","type-page","status-publish"],"_links":{"self":[{"href":"https:\/\/ecole-stjoseph-staubin.com\/index.php\/wp-json\/wp\/v2\/pages\/3","targetHints":{"allow":["GET"]}}],"collection":[{"href":"https:\/\/ecole-stjoseph-staubin.com\/index.php\/wp-json\/wp\/v2\/pages"}],"about":[{"href":"https:\/\/ecole-stjoseph-staubin.com\/index.php\/wp-json\/wp\/v2\/types\/page"}],"author":[{"embeddable":true,"href":"https:\/\/ecole-stjoseph-staubin.com\/index.php\/wp-json\/wp\/v2\/users\/1"}],"replies":[{"embeddable":true,"href":"https:\/\/ecole-stjoseph-staubin.com\/index.php\/wp-json\/wp\/v2\/comments?post=3"}],"version-history":[{"count":2,"href":"https:\/\/ecole-stjoseph-staubin.com\/index.php\/wp-json\/wp\/v2\/pages\/3\/revisions"}],"predecessor-version":[{"id":1935,"href":"https:\/\/ecole-stjoseph-staubin.com\/index.php\/wp-json\/wp\/v2\/pages\/3\/revisions\/1935"}],"wp:attachment":[{"href":"https:\/\/ecole-stjoseph-staubin.com\/index.php\/wp-json\/wp\/v2\/media?parent=3"}],"curies":[{"name":"wp","href":"https:\/\/api.w.org\/{rel}","templated":true}]}}